{"id":1533,"date":"2024-01-26T17:33:25","date_gmt":"2024-01-26T17:33:25","guid":{"rendered":"https:\/\/www.pavelsuba.cz\/?page_id=1533"},"modified":"2024-01-31T10:03:20","modified_gmt":"2024-01-31T10:03:20","slug":"dokumenty-ukrajinsti-romsti-uprchlici","status":"publish","type":"page","link":"https:\/\/www.pavelsuba.cz\/?page_id=1533","title":{"rendered":"Dokumenty-Ukrajin\u0161t\u00ed rom\u0161t\u00ed uprchl\u00edci"},"content":{"rendered":"\n<p>\u00a0\u00a0 \u00a0\u00a0 \u00a0 \u00a0\u00a0 \u00a0<a href=\"http:\/\/www.pavelsuba.cz\/?page_id=598\">D\u011bti<\/a>\u00a0 \u00a0 \u00a0\u00a0 \u00a0 \u00a0\u00a0 \u00a0 \u00a0 \u00a0\u00a0  \u00a0\u00a0 \u00a0 \u00a0<a href=\"http:\/\/www.pavelsuba.cz\/?page_id=621\">Portr\u00e9ty<\/a>\u00a0 \u00a0\u00a0\u00a0 \u00a0 \u00a0 \u00a0\u00a0  \u00a0 \u00a0\u00a0 \u00a0\u00a0 \u00a0\u00a0 \u00a0 \u00a0<a href=\"http:\/\/www.pavelsuba.cz\/?page_id=656\">Makro<\/a>\u00a0 \u00a0\u00a0\u00a0 \u00a0 \u00a0 \u00a0\u00a0  \u00a0\u00a0  \u00a0\u00a0\u00a0 \u00a0 \u00a0<a href=\"http:\/\/www.pavelsuba.cz\/?page_id=683\">Dokumenty<\/a>\u00a0 \u00a0 \u00a0\u00a0  \u00a0\u00a0  \u00a0\u00a0\u00a0 \u00a0 \u00a0<a href=\"https:\/\/www.pavelsuba.cz\/?page_id=1470\">Architektura<\/a><\/p>\n\n\n\n<p>V roce 2022, nedlouho po invazi Putinov\u00fdch vojsk na Ukrajinu, se n\u011bkolik vln uprchl\u00edk\u016f p\u0159esunulo do r\u016fzn\u00fdch zem\u00ed st\u0159edn\u00ed a v\u00fdchodn\u00ed Evropy, v\u010detn\u011b \u010cesk\u00e9 republiky. \u00da\u0159ady uprchl\u00edky v\u011bt\u0161inou v\u00edtaly. Jednou z v\u00fdjimek byli rom\u0161t\u00ed uprchl\u00edci, s nimi\u017e se zach\u00e1zelo velmi odli\u0161n\u011b ne\u017e s jejich prot\u011bj\u0161ky sv\u011btl\u00e9 pleti. Romov\u00e9 byli nuceni \u010dekat na pra\u017esk\u00e9m hlavn\u00edm n\u00e1dra\u017e\u00ed, p\u0159i\u010dem\u017e byli prov\u011b\u0159ov\u00e1ni, zda nemaj\u00ed dvoj\u00ed ukrajinsko-ma\u010farsk\u00e9 ob\u010danstv\u00ed, co\u017e by je diskvalifikovalo ze statutu uprchl\u00edka v \u010cesk\u00e9 republice. b\u011bhem asi t\u0159\u00ed m\u011bs\u00edc\u016f muselo n\u011bkolik stovek Rom\u016f z Ukrajiny, v\u011bt\u0161inou \u017een a d\u011bt\u00ed, strp\u011bt pobyt na n\u00e1dra\u017e\u00ed, span\u00ed na podlaze nebo ve vagonech, kter\u00e9 jim poskytly \u017eelezni\u010dn\u00ed \u00fa\u0159ady. \u017delezni\u010dn\u00ed \u00fa\u0159ady a humanit\u00e1rn\u00ed organizace jim poskytovaly j\u00eddlo a z\u00e1kladn\u00ed p\u00e9\u010di, jak jen mohly. Nicm\u00e9n\u011b nuda, zmatek a frustrace nar\u016fstaly, a\u017e byli uprchl\u00edci p\u0159esunuti do stanov\u00fdch t\u00e1bor\u016f v jin\u00e9 \u010d\u00e1sti Prahy. V\u011bt\u0161ina z nich nedlouho pot\u00e9 opustila zemi.<\/p>\n\n\n\n<p><\/p>\n\n\n\n<p><a href=\"http:\/\/www.pavelsuba.cz\/?page_id=683\">R\u016fzn\u00e9<\/a> &nbsp; &nbsp; &nbsp;<a href=\"http:\/\/www.pavelsuba.cz\/?page_id=942\">Bez domova<\/a>&nbsp; &nbsp; &nbsp; &nbsp;<a href=\"http:\/\/www.pavelsuba.cz\/?page_id=945\">Tanec<\/a>&nbsp; &nbsp; &nbsp; &nbsp;<a href=\"http:\/\/www.pavelsuba.cz\/?page_id=947\">Koronavirus<\/a>&nbsp; &nbsp; &nbsp; &nbsp;<a href=\"https:\/\/www.pavelsuba.cz\/?page_id=1533\">Ukrajin\u0161t\u00ed rom\u0161t\u00ed uprchl\u00edci<\/a>&nbsp; &nbsp; &nbsp; &nbsp;<a href=\"https:\/\/www.pavelsuba.cz\/?page_id=1535\">Waacking<\/a><\/p>\n\n\n\n<!-- default-view.php -->\n<div\n\tclass=\"ngg-galleryoverview default-view \n\t\t\"\n\tid=\"ngg-gallery-3d941c6dd78e66f195de022439cbf0c3-1\">\n\n\t\t<!-- Thumbnails -->\n\t\t\t\t<div id=\"ngg-image-0\" class=\"ngg-gallery-thumbnail-box \n\t\t\t\t\t\t\t\t\t\t\t\" \n\t\t\t>\n\t\t\t\t\t\t<div class=\"ngg-gallery-thumbnail\">\n\t\t\t<a href=\"https:\/\/www.pavelsuba.cz\/wp-content\/gallery\/ukrainian-romany-refugees\/00006718.JPG\"\n\t\t\t\ttitle=\"\"\n\t\t\t\tdata-src=\"https:\/\/www.pavelsuba.cz\/wp-content\/gallery\/ukrainian-romany-refugees\/00006718.JPG\"\n\t\t\t\tdata-thumbnail=\"https:\/\/www.pavelsuba.cz\/wp-content\/gallery\/ukrainian-romany-refugees\/thumbs\/thumbs_00006718.JPG\"\n\t\t\t\tdata-image-id=\"389\"\n\t\t\t\tdata-title=\"00006718\"\n\t\t\t\tdata-description=\"\"\n\t\t\t\tdata-image-slug=\"00006718\"\n\t\t\t\tclass=\"ngg-simplelightbox\" rel=\"3d941c6dd78e66f195de022439cbf0c3\">\n\t\t\t\t<img\n\t\t\t\t\ttitle=\"00006718\"\n\t\t\t\t\talt=\"00006718\"\n\t\t\t\t\tsrc=\"https:\/\/www.pavelsuba.cz\/wp-content\/gallery\/ukrainian-romany-refugees\/thumbs\/thumbs_00006718.JPG\"\n\t\t\t\t\twidth=\"240\"\n\t\t\t\t\theight=\"160\"\n\t\t\t\t\tstyle=\"max-width:100%;\"\n\t\t\t\t\/>\n\t\t\t<\/a>\n\t\t<\/div>\n\t\t\t\t\t\t\t<\/div> \n\t\t\t\n\t\t\t\t<div id=\"ngg-image-1\" class=\"ngg-gallery-thumbnail-box \n\t\t\t\t\t\t\t\t\t\t\t\" \n\t\t\t>\n\t\t\t\t\t\t<div class=\"ngg-gallery-thumbnail\">\n\t\t\t<a href=\"https:\/\/www.pavelsuba.cz\/wp-content\/gallery\/ukrainian-romany-refugees\/00006720.JPG\"\n\t\t\t\ttitle=\"\"\n\t\t\t\tdata-src=\"https:\/\/www.pavelsuba.cz\/wp-content\/gallery\/ukrainian-romany-refugees\/00006720.JPG\"\n\t\t\t\tdata-thumbnail=\"https:\/\/www.pavelsuba.cz\/wp-content\/gallery\/ukrainian-romany-refugees\/thumbs\/thumbs_00006720.JPG\"\n\t\t\t\tdata-image-id=\"390\"\n\t\t\t\tdata-title=\"00006720\"\n\t\t\t\tdata-description=\"\"\n\t\t\t\tdata-image-slug=\"00006720\"\n\t\t\t\tclass=\"ngg-simplelightbox\" rel=\"3d941c6dd78e66f195de022439cbf0c3\">\n\t\t\t\t<img\n\t\t\t\t\ttitle=\"00006720\"\n\t\t\t\t\talt=\"00006720\"\n\t\t\t\t\tsrc=\"https:\/\/www.pavelsuba.cz\/wp-content\/gallery\/ukrainian-romany-refugees\/thumbs\/thumbs_00006720.JPG\"\n\t\t\t\t\twidth=\"240\"\n\t\t\t\t\theight=\"160\"\n\t\t\t\t\tstyle=\"max-width:100%;\"\n\t\t\t\t\/>\n\t\t\t<\/a>\n\t\t<\/div>\n\t\t\t\t\t\t\t<\/div> \n\t\t\t\n\t\t\t\t<div id=\"ngg-image-2\" class=\"ngg-gallery-thumbnail-box \n\t\t\t\t\t\t\t\t\t\t\t\" \n\t\t\t>\n\t\t\t\t\t\t<div class=\"ngg-gallery-thumbnail\">\n\t\t\t<a href=\"https:\/\/www.pavelsuba.cz\/wp-content\/gallery\/ukrainian-romany-refugees\/GI3A0435.JPG\"\n\t\t\t\ttitle=\"\"\n\t\t\t\tdata-src=\"https:\/\/www.pavelsuba.cz\/wp-content\/gallery\/ukrainian-romany-refugees\/GI3A0435.JPG\"\n\t\t\t\tdata-thumbnail=\"https:\/\/www.pavelsuba.cz\/wp-content\/gallery\/ukrainian-romany-refugees\/thumbs\/thumbs_GI3A0435.JPG\"\n\t\t\t\tdata-image-id=\"391\"\n\t\t\t\tdata-title=\"GI3A0435\"\n\t\t\t\tdata-description=\"\"\n\t\t\t\tdata-image-slug=\"gi3a0435\"\n\t\t\t\tclass=\"ngg-simplelightbox\" rel=\"3d941c6dd78e66f195de022439cbf0c3\">\n\t\t\t\t<img\n\t\t\t\t\ttitle=\"GI3A0435\"\n\t\t\t\t\talt=\"GI3A0435\"\n\t\t\t\t\tsrc=\"https:\/\/www.pavelsuba.cz\/wp-content\/gallery\/ukrainian-romany-refugees\/thumbs\/thumbs_GI3A0435.JPG\"\n\t\t\t\t\twidth=\"240\"\n\t\t\t\t\theight=\"160\"\n\t\t\t\t\tstyle=\"max-width:100%;\"\n\t\t\t\t\/>\n\t\t\t<\/a>\n\t\t<\/div>\n\t\t\t\t\t\t\t<\/div> \n\t\t\t\n\t\t\t\t<div id=\"ngg-image-3\" class=\"ngg-gallery-thumbnail-box \n\t\t\t\t\t\t\t\t\t\t\t\" \n\t\t\t>\n\t\t\t\t\t\t<div class=\"ngg-gallery-thumbnail\">\n\t\t\t<a href=\"https:\/\/www.pavelsuba.cz\/wp-content\/gallery\/ukrainian-romany-refugees\/GI3A0489.JPG\"\n\t\t\t\ttitle=\"\"\n\t\t\t\tdata-src=\"https:\/\/www.pavelsuba.cz\/wp-content\/gallery\/ukrainian-romany-refugees\/GI3A0489.JPG\"\n\t\t\t\tdata-thumbnail=\"https:\/\/www.pavelsuba.cz\/wp-content\/gallery\/ukrainian-romany-refugees\/thumbs\/thumbs_GI3A0489.JPG\"\n\t\t\t\tdata-image-id=\"392\"\n\t\t\t\tdata-title=\"GI3A0489\"\n\t\t\t\tdata-description=\"\"\n\t\t\t\tdata-image-slug=\"gi3a0489\"\n\t\t\t\tclass=\"ngg-simplelightbox\" rel=\"3d941c6dd78e66f195de022439cbf0c3\">\n\t\t\t\t<img\n\t\t\t\t\ttitle=\"GI3A0489\"\n\t\t\t\t\talt=\"GI3A0489\"\n\t\t\t\t\tsrc=\"https:\/\/www.pavelsuba.cz\/wp-content\/gallery\/ukrainian-romany-refugees\/thumbs\/thumbs_GI3A0489.JPG\"\n\t\t\t\t\twidth=\"240\"\n\t\t\t\t\theight=\"160\"\n\t\t\t\t\tstyle=\"max-width:100%;\"\n\t\t\t\t\/>\n\t\t\t<\/a>\n\t\t<\/div>\n\t\t\t\t\t\t\t<\/div> \n\t\t\t\n\t\t\t\t<div id=\"ngg-image-4\" class=\"ngg-gallery-thumbnail-box \n\t\t\t\t\t\t\t\t\t\t\t\" \n\t\t\t>\n\t\t\t\t\t\t<div class=\"ngg-gallery-thumbnail\">\n\t\t\t<a href=\"https:\/\/www.pavelsuba.cz\/wp-content\/gallery\/ukrainian-romany-refugees\/GI3A0496.JPG\"\n\t\t\t\ttitle=\"\"\n\t\t\t\tdata-src=\"https:\/\/www.pavelsuba.cz\/wp-content\/gallery\/ukrainian-romany-refugees\/GI3A0496.JPG\"\n\t\t\t\tdata-thumbnail=\"https:\/\/www.pavelsuba.cz\/wp-content\/gallery\/ukrainian-romany-refugees\/thumbs\/thumbs_GI3A0496.JPG\"\n\t\t\t\tdata-image-id=\"393\"\n\t\t\t\tdata-title=\"GI3A0496\"\n\t\t\t\tdata-description=\"\"\n\t\t\t\tdata-image-slug=\"gi3a0496\"\n\t\t\t\tclass=\"ngg-simplelightbox\" rel=\"3d941c6dd78e66f195de022439cbf0c3\">\n\t\t\t\t<img\n\t\t\t\t\ttitle=\"GI3A0496\"\n\t\t\t\t\talt=\"GI3A0496\"\n\t\t\t\t\tsrc=\"https:\/\/www.pavelsuba.cz\/wp-content\/gallery\/ukrainian-romany-refugees\/thumbs\/thumbs_GI3A0496.JPG\"\n\t\t\t\t\twidth=\"240\"\n\t\t\t\t\theight=\"160\"\n\t\t\t\t\tstyle=\"max-width:100%;\"\n\t\t\t\t\/>\n\t\t\t<\/a>\n\t\t<\/div>\n\t\t\t\t\t\t\t<\/div> \n\t\t\t\n\t\t\t\t<div id=\"ngg-image-5\" class=\"ngg-gallery-thumbnail-box \n\t\t\t\t\t\t\t\t\t\t\t\" \n\t\t\t>\n\t\t\t\t\t\t<div class=\"ngg-gallery-thumbnail\">\n\t\t\t<a href=\"https:\/\/www.pavelsuba.cz\/wp-content\/gallery\/ukrainian-romany-refugees\/GI3A0516.JPG\"\n\t\t\t\ttitle=\"\"\n\t\t\t\tdata-src=\"https:\/\/www.pavelsuba.cz\/wp-content\/gallery\/ukrainian-romany-refugees\/GI3A0516.JPG\"\n\t\t\t\tdata-thumbnail=\"https:\/\/www.pavelsuba.cz\/wp-content\/gallery\/ukrainian-romany-refugees\/thumbs\/thumbs_GI3A0516.JPG\"\n\t\t\t\tdata-image-id=\"394\"\n\t\t\t\tdata-title=\"GI3A0516\"\n\t\t\t\tdata-description=\"\"\n\t\t\t\tdata-image-slug=\"gi3a0516\"\n\t\t\t\tclass=\"ngg-simplelightbox\" rel=\"3d941c6dd78e66f195de022439cbf0c3\">\n\t\t\t\t<img\n\t\t\t\t\ttitle=\"GI3A0516\"\n\t\t\t\t\talt=\"GI3A0516\"\n\t\t\t\t\tsrc=\"https:\/\/www.pavelsuba.cz\/wp-content\/gallery\/ukrainian-romany-refugees\/thumbs\/thumbs_GI3A0516.JPG\"\n\t\t\t\t\twidth=\"240\"\n\t\t\t\t\theight=\"160\"\n\t\t\t\t\tstyle=\"max-width:100%;\"\n\t\t\t\t\/>\n\t\t\t<\/a>\n\t\t<\/div>\n\t\t\t\t\t\t\t<\/div> \n\t\t\t\n\t\t\t\t<div id=\"ngg-image-6\" class=\"ngg-gallery-thumbnail-box \n\t\t\t\t\t\t\t\t\t\t\t\" \n\t\t\t>\n\t\t\t\t\t\t<div class=\"ngg-gallery-thumbnail\">\n\t\t\t<a href=\"https:\/\/www.pavelsuba.cz\/wp-content\/gallery\/ukrainian-romany-refugees\/GI3A0530.JPG\"\n\t\t\t\ttitle=\"\"\n\t\t\t\tdata-src=\"https:\/\/www.pavelsuba.cz\/wp-content\/gallery\/ukrainian-romany-refugees\/GI3A0530.JPG\"\n\t\t\t\tdata-thumbnail=\"https:\/\/www.pavelsuba.cz\/wp-content\/gallery\/ukrainian-romany-refugees\/thumbs\/thumbs_GI3A0530.JPG\"\n\t\t\t\tdata-image-id=\"395\"\n\t\t\t\tdata-title=\"GI3A0530\"\n\t\t\t\tdata-description=\"\"\n\t\t\t\tdata-image-slug=\"gi3a0530\"\n\t\t\t\tclass=\"ngg-simplelightbox\" rel=\"3d941c6dd78e66f195de022439cbf0c3\">\n\t\t\t\t<img\n\t\t\t\t\ttitle=\"GI3A0530\"\n\t\t\t\t\talt=\"GI3A0530\"\n\t\t\t\t\tsrc=\"https:\/\/www.pavelsuba.cz\/wp-content\/gallery\/ukrainian-romany-refugees\/thumbs\/thumbs_GI3A0530.JPG\"\n\t\t\t\t\twidth=\"240\"\n\t\t\t\t\theight=\"160\"\n\t\t\t\t\tstyle=\"max-width:100%;\"\n\t\t\t\t\/>\n\t\t\t<\/a>\n\t\t<\/div>\n\t\t\t\t\t\t\t<\/div> \n\t\t\t\n\t\t\t\t<div id=\"ngg-image-7\" class=\"ngg-gallery-thumbnail-box \n\t\t\t\t\t\t\t\t\t\t\t\" \n\t\t\t>\n\t\t\t\t\t\t<div class=\"ngg-gallery-thumbnail\">\n\t\t\t<a href=\"https:\/\/www.pavelsuba.cz\/wp-content\/gallery\/ukrainian-romany-refugees\/GI3A0533.JPG\"\n\t\t\t\ttitle=\"\"\n\t\t\t\tdata-src=\"https:\/\/www.pavelsuba.cz\/wp-content\/gallery\/ukrainian-romany-refugees\/GI3A0533.JPG\"\n\t\t\t\tdata-thumbnail=\"https:\/\/www.pavelsuba.cz\/wp-content\/gallery\/ukrainian-romany-refugees\/thumbs\/thumbs_GI3A0533.JPG\"\n\t\t\t\tdata-image-id=\"396\"\n\t\t\t\tdata-title=\"GI3A0533\"\n\t\t\t\tdata-description=\"\"\n\t\t\t\tdata-image-slug=\"gi3a0533\"\n\t\t\t\tclass=\"ngg-simplelightbox\" rel=\"3d941c6dd78e66f195de022439cbf0c3\">\n\t\t\t\t<img\n\t\t\t\t\ttitle=\"GI3A0533\"\n\t\t\t\t\talt=\"GI3A0533\"\n\t\t\t\t\tsrc=\"https:\/\/www.pavelsuba.cz\/wp-content\/gallery\/ukrainian-romany-refugees\/thumbs\/thumbs_GI3A0533.JPG\"\n\t\t\t\t\twidth=\"240\"\n\t\t\t\t\theight=\"160\"\n\t\t\t\t\tstyle=\"max-width:100%;\"\n\t\t\t\t\/>\n\t\t\t<\/a>\n\t\t<\/div>\n\t\t\t\t\t\t\t<\/div> \n\t\t\t\n\t\t\t\t<div id=\"ngg-image-8\" class=\"ngg-gallery-thumbnail-box \n\t\t\t\t\t\t\t\t\t\t\t\" \n\t\t\t>\n\t\t\t\t\t\t<div class=\"ngg-gallery-thumbnail\">\n\t\t\t<a href=\"https:\/\/www.pavelsuba.cz\/wp-content\/gallery\/ukrainian-romany-refugees\/GI3A0546.JPG\"\n\t\t\t\ttitle=\"\"\n\t\t\t\tdata-src=\"https:\/\/www.pavelsuba.cz\/wp-content\/gallery\/ukrainian-romany-refugees\/GI3A0546.JPG\"\n\t\t\t\tdata-thumbnail=\"https:\/\/www.pavelsuba.cz\/wp-content\/gallery\/ukrainian-romany-refugees\/thumbs\/thumbs_GI3A0546.JPG\"\n\t\t\t\tdata-image-id=\"397\"\n\t\t\t\tdata-title=\"GI3A0546\"\n\t\t\t\tdata-description=\"\"\n\t\t\t\tdata-image-slug=\"gi3a0546\"\n\t\t\t\tclass=\"ngg-simplelightbox\" rel=\"3d941c6dd78e66f195de022439cbf0c3\">\n\t\t\t\t<img\n\t\t\t\t\ttitle=\"GI3A0546\"\n\t\t\t\t\talt=\"GI3A0546\"\n\t\t\t\t\tsrc=\"https:\/\/www.pavelsuba.cz\/wp-content\/gallery\/ukrainian-romany-refugees\/thumbs\/thumbs_GI3A0546.JPG\"\n\t\t\t\t\twidth=\"240\"\n\t\t\t\t\theight=\"160\"\n\t\t\t\t\tstyle=\"max-width:100%;\"\n\t\t\t\t\/>\n\t\t\t<\/a>\n\t\t<\/div>\n\t\t\t\t\t\t\t<\/div> \n\t\t\t\n\t\t\t\t<div id=\"ngg-image-9\" class=\"ngg-gallery-thumbnail-box \n\t\t\t\t\t\t\t\t\t\t\t\" \n\t\t\t>\n\t\t\t\t\t\t<div class=\"ngg-gallery-thumbnail\">\n\t\t\t<a href=\"https:\/\/www.pavelsuba.cz\/wp-content\/gallery\/ukrainian-romany-refugees\/GI3A0549.JPG\"\n\t\t\t\ttitle=\"\"\n\t\t\t\tdata-src=\"https:\/\/www.pavelsuba.cz\/wp-content\/gallery\/ukrainian-romany-refugees\/GI3A0549.JPG\"\n\t\t\t\tdata-thumbnail=\"https:\/\/www.pavelsuba.cz\/wp-content\/gallery\/ukrainian-romany-refugees\/thumbs\/thumbs_GI3A0549.JPG\"\n\t\t\t\tdata-image-id=\"398\"\n\t\t\t\tdata-title=\"GI3A0549\"\n\t\t\t\tdata-description=\"\"\n\t\t\t\tdata-image-slug=\"gi3a0549\"\n\t\t\t\tclass=\"ngg-simplelightbox\" rel=\"3d941c6dd78e66f195de022439cbf0c3\">\n\t\t\t\t<img\n\t\t\t\t\ttitle=\"GI3A0549\"\n\t\t\t\t\talt=\"GI3A0549\"\n\t\t\t\t\tsrc=\"https:\/\/www.pavelsuba.cz\/wp-content\/gallery\/ukrainian-romany-refugees\/thumbs\/thumbs_GI3A0549.JPG\"\n\t\t\t\t\twidth=\"240\"\n\t\t\t\t\theight=\"160\"\n\t\t\t\t\tstyle=\"max-width:100%;\"\n\t\t\t\t\/>\n\t\t\t<\/a>\n\t\t<\/div>\n\t\t\t\t\t\t\t<\/div> \n\t\t\t\n\t\t\t\t<div id=\"ngg-image-10\" class=\"ngg-gallery-thumbnail-box \n\t\t\t\t\t\t\t\t\t\t\t\" \n\t\t\t>\n\t\t\t\t\t\t<div class=\"ngg-gallery-thumbnail\">\n\t\t\t<a href=\"https:\/\/www.pavelsuba.cz\/wp-content\/gallery\/ukrainian-romany-refugees\/GI3A0558.JPG\"\n\t\t\t\ttitle=\"\"\n\t\t\t\tdata-src=\"https:\/\/www.pavelsuba.cz\/wp-content\/gallery\/ukrainian-romany-refugees\/GI3A0558.JPG\"\n\t\t\t\tdata-thumbnail=\"https:\/\/www.pavelsuba.cz\/wp-content\/gallery\/ukrainian-romany-refugees\/thumbs\/thumbs_GI3A0558.JPG\"\n\t\t\t\tdata-image-id=\"399\"\n\t\t\t\tdata-title=\"GI3A0558\"\n\t\t\t\tdata-description=\"\"\n\t\t\t\tdata-image-slug=\"gi3a0558\"\n\t\t\t\tclass=\"ngg-simplelightbox\" rel=\"3d941c6dd78e66f195de022439cbf0c3\">\n\t\t\t\t<img\n\t\t\t\t\ttitle=\"GI3A0558\"\n\t\t\t\t\talt=\"GI3A0558\"\n\t\t\t\t\tsrc=\"https:\/\/www.pavelsuba.cz\/wp-content\/gallery\/ukrainian-romany-refugees\/thumbs\/thumbs_GI3A0558.JPG\"\n\t\t\t\t\twidth=\"240\"\n\t\t\t\t\theight=\"160\"\n\t\t\t\t\tstyle=\"max-width:100%;\"\n\t\t\t\t\/>\n\t\t\t<\/a>\n\t\t<\/div>\n\t\t\t\t\t\t\t<\/div> \n\t\t\t\n\t\t\t\t<div id=\"ngg-image-11\" class=\"ngg-gallery-thumbnail-box \n\t\t\t\t\t\t\t\t\t\t\t\" \n\t\t\t>\n\t\t\t\t\t\t<div class=\"ngg-gallery-thumbnail\">\n\t\t\t<a href=\"https:\/\/www.pavelsuba.cz\/wp-content\/gallery\/ukrainian-romany-refugees\/GI3A0604.JPG\"\n\t\t\t\ttitle=\"\"\n\t\t\t\tdata-src=\"https:\/\/www.pavelsuba.cz\/wp-content\/gallery\/ukrainian-romany-refugees\/GI3A0604.JPG\"\n\t\t\t\tdata-thumbnail=\"https:\/\/www.pavelsuba.cz\/wp-content\/gallery\/ukrainian-romany-refugees\/thumbs\/thumbs_GI3A0604.JPG\"\n\t\t\t\tdata-image-id=\"400\"\n\t\t\t\tdata-title=\"GI3A0604\"\n\t\t\t\tdata-description=\"\"\n\t\t\t\tdata-image-slug=\"gi3a0604\"\n\t\t\t\tclass=\"ngg-simplelightbox\" rel=\"3d941c6dd78e66f195de022439cbf0c3\">\n\t\t\t\t<img\n\t\t\t\t\ttitle=\"GI3A0604\"\n\t\t\t\t\talt=\"GI3A0604\"\n\t\t\t\t\tsrc=\"https:\/\/www.pavelsuba.cz\/wp-content\/gallery\/ukrainian-romany-refugees\/thumbs\/thumbs_GI3A0604.JPG\"\n\t\t\t\t\twidth=\"240\"\n\t\t\t\t\theight=\"160\"\n\t\t\t\t\tstyle=\"max-width:100%;\"\n\t\t\t\t\/>\n\t\t\t<\/a>\n\t\t<\/div>\n\t\t\t\t\t\t\t<\/div> \n\t\t\t\n\t\t\t\t<div id=\"ngg-image-12\" class=\"ngg-gallery-thumbnail-box \n\t\t\t\t\t\t\t\t\t\t\t\" \n\t\t\t>\n\t\t\t\t\t\t<div class=\"ngg-gallery-thumbnail\">\n\t\t\t<a href=\"https:\/\/www.pavelsuba.cz\/wp-content\/gallery\/ukrainian-romany-refugees\/GI3A0622.JPG\"\n\t\t\t\ttitle=\"\"\n\t\t\t\tdata-src=\"https:\/\/www.pavelsuba.cz\/wp-content\/gallery\/ukrainian-romany-refugees\/GI3A0622.JPG\"\n\t\t\t\tdata-thumbnail=\"https:\/\/www.pavelsuba.cz\/wp-content\/gallery\/ukrainian-romany-refugees\/thumbs\/thumbs_GI3A0622.JPG\"\n\t\t\t\tdata-image-id=\"401\"\n\t\t\t\tdata-title=\"GI3A0622\"\n\t\t\t\tdata-description=\"\"\n\t\t\t\tdata-image-slug=\"gi3a0622\"\n\t\t\t\tclass=\"ngg-simplelightbox\" rel=\"3d941c6dd78e66f195de022439cbf0c3\">\n\t\t\t\t<img\n\t\t\t\t\ttitle=\"GI3A0622\"\n\t\t\t\t\talt=\"GI3A0622\"\n\t\t\t\t\tsrc=\"https:\/\/www.pavelsuba.cz\/wp-content\/gallery\/ukrainian-romany-refugees\/thumbs\/thumbs_GI3A0622.JPG\"\n\t\t\t\t\twidth=\"240\"\n\t\t\t\t\theight=\"160\"\n\t\t\t\t\tstyle=\"max-width:100%;\"\n\t\t\t\t\/>\n\t\t\t<\/a>\n\t\t<\/div>\n\t\t\t\t\t\t\t<\/div> \n\t\t\t\n\t\t\t\t<div id=\"ngg-image-13\" class=\"ngg-gallery-thumbnail-box \n\t\t\t\t\t\t\t\t\t\t\t\" \n\t\t\t>\n\t\t\t\t\t\t<div class=\"ngg-gallery-thumbnail\">\n\t\t\t<a href=\"https:\/\/www.pavelsuba.cz\/wp-content\/gallery\/ukrainian-romany-refugees\/GI3A0630.JPG\"\n\t\t\t\ttitle=\"\"\n\t\t\t\tdata-src=\"https:\/\/www.pavelsuba.cz\/wp-content\/gallery\/ukrainian-romany-refugees\/GI3A0630.JPG\"\n\t\t\t\tdata-thumbnail=\"https:\/\/www.pavelsuba.cz\/wp-content\/gallery\/ukrainian-romany-refugees\/thumbs\/thumbs_GI3A0630.JPG\"\n\t\t\t\tdata-image-id=\"402\"\n\t\t\t\tdata-title=\"GI3A0630\"\n\t\t\t\tdata-description=\"\"\n\t\t\t\tdata-image-slug=\"gi3a0630\"\n\t\t\t\tclass=\"ngg-simplelightbox\" rel=\"3d941c6dd78e66f195de022439cbf0c3\">\n\t\t\t\t<img\n\t\t\t\t\ttitle=\"GI3A0630\"\n\t\t\t\t\talt=\"GI3A0630\"\n\t\t\t\t\tsrc=\"https:\/\/www.pavelsuba.cz\/wp-content\/gallery\/ukrainian-romany-refugees\/thumbs\/thumbs_GI3A0630.JPG\"\n\t\t\t\t\twidth=\"240\"\n\t\t\t\t\theight=\"160\"\n\t\t\t\t\tstyle=\"max-width:100%;\"\n\t\t\t\t\/>\n\t\t\t<\/a>\n\t\t<\/div>\n\t\t\t\t\t\t\t<\/div> \n\t\t\t\n\t\t\t\t<div id=\"ngg-image-14\" class=\"ngg-gallery-thumbnail-box \n\t\t\t\t\t\t\t\t\t\t\t\" \n\t\t\t>\n\t\t\t\t\t\t<div class=\"ngg-gallery-thumbnail\">\n\t\t\t<a href=\"https:\/\/www.pavelsuba.cz\/wp-content\/gallery\/ukrainian-romany-refugees\/GI3A0632.JPG\"\n\t\t\t\ttitle=\"\"\n\t\t\t\tdata-src=\"https:\/\/www.pavelsuba.cz\/wp-content\/gallery\/ukrainian-romany-refugees\/GI3A0632.JPG\"\n\t\t\t\tdata-thumbnail=\"https:\/\/www.pavelsuba.cz\/wp-content\/gallery\/ukrainian-romany-refugees\/thumbs\/thumbs_GI3A0632.JPG\"\n\t\t\t\tdata-image-id=\"403\"\n\t\t\t\tdata-title=\"GI3A0632\"\n\t\t\t\tdata-description=\"\"\n\t\t\t\tdata-image-slug=\"gi3a0632\"\n\t\t\t\tclass=\"ngg-simplelightbox\" rel=\"3d941c6dd78e66f195de022439cbf0c3\">\n\t\t\t\t<img\n\t\t\t\t\ttitle=\"GI3A0632\"\n\t\t\t\t\talt=\"GI3A0632\"\n\t\t\t\t\tsrc=\"https:\/\/www.pavelsuba.cz\/wp-content\/gallery\/ukrainian-romany-refugees\/thumbs\/thumbs_GI3A0632.JPG\"\n\t\t\t\t\twidth=\"240\"\n\t\t\t\t\theight=\"160\"\n\t\t\t\t\tstyle=\"max-width:100%;\"\n\t\t\t\t\/>\n\t\t\t<\/a>\n\t\t<\/div>\n\t\t\t\t\t\t\t<\/div> \n\t\t\t\n\t\t\t\t<div id=\"ngg-image-15\" class=\"ngg-gallery-thumbnail-box \n\t\t\t\t\t\t\t\t\t\t\t\" \n\t\t\t>\n\t\t\t\t\t\t<div class=\"ngg-gallery-thumbnail\">\n\t\t\t<a href=\"https:\/\/www.pavelsuba.cz\/wp-content\/gallery\/ukrainian-romany-refugees\/GI3A0636.JPG\"\n\t\t\t\ttitle=\"\"\n\t\t\t\tdata-src=\"https:\/\/www.pavelsuba.cz\/wp-content\/gallery\/ukrainian-romany-refugees\/GI3A0636.JPG\"\n\t\t\t\tdata-thumbnail=\"https:\/\/www.pavelsuba.cz\/wp-content\/gallery\/ukrainian-romany-refugees\/thumbs\/thumbs_GI3A0636.JPG\"\n\t\t\t\tdata-image-id=\"404\"\n\t\t\t\tdata-title=\"GI3A0636\"\n\t\t\t\tdata-description=\"\"\n\t\t\t\tdata-image-slug=\"gi3a0636\"\n\t\t\t\tclass=\"ngg-simplelightbox\" rel=\"3d941c6dd78e66f195de022439cbf0c3\">\n\t\t\t\t<img\n\t\t\t\t\ttitle=\"GI3A0636\"\n\t\t\t\t\talt=\"GI3A0636\"\n\t\t\t\t\tsrc=\"https:\/\/www.pavelsuba.cz\/wp-content\/gallery\/ukrainian-romany-refugees\/thumbs\/thumbs_GI3A0636.JPG\"\n\t\t\t\t\twidth=\"240\"\n\t\t\t\t\theight=\"160\"\n\t\t\t\t\tstyle=\"max-width:100%;\"\n\t\t\t\t\/>\n\t\t\t<\/a>\n\t\t<\/div>\n\t\t\t\t\t\t\t<\/div> \n\t\t\t\n\t\t\t\t<div id=\"ngg-image-16\" class=\"ngg-gallery-thumbnail-box \n\t\t\t\t\t\t\t\t\t\t\t\" \n\t\t\t>\n\t\t\t\t\t\t<div class=\"ngg-gallery-thumbnail\">\n\t\t\t<a href=\"https:\/\/www.pavelsuba.cz\/wp-content\/gallery\/ukrainian-romany-refugees\/GI3A0648.JPG\"\n\t\t\t\ttitle=\"\"\n\t\t\t\tdata-src=\"https:\/\/www.pavelsuba.cz\/wp-content\/gallery\/ukrainian-romany-refugees\/GI3A0648.JPG\"\n\t\t\t\tdata-thumbnail=\"https:\/\/www.pavelsuba.cz\/wp-content\/gallery\/ukrainian-romany-refugees\/thumbs\/thumbs_GI3A0648.JPG\"\n\t\t\t\tdata-image-id=\"405\"\n\t\t\t\tdata-title=\"GI3A0648\"\n\t\t\t\tdata-description=\"\"\n\t\t\t\tdata-image-slug=\"gi3a0648\"\n\t\t\t\tclass=\"ngg-simplelightbox\" rel=\"3d941c6dd78e66f195de022439cbf0c3\">\n\t\t\t\t<img\n\t\t\t\t\ttitle=\"GI3A0648\"\n\t\t\t\t\talt=\"GI3A0648\"\n\t\t\t\t\tsrc=\"https:\/\/www.pavelsuba.cz\/wp-content\/gallery\/ukrainian-romany-refugees\/thumbs\/thumbs_GI3A0648.JPG\"\n\t\t\t\t\twidth=\"240\"\n\t\t\t\t\theight=\"160\"\n\t\t\t\t\tstyle=\"max-width:100%;\"\n\t\t\t\t\/>\n\t\t\t<\/a>\n\t\t<\/div>\n\t\t\t\t\t\t\t<\/div> \n\t\t\t\n\t\t\t\t<div id=\"ngg-image-17\" class=\"ngg-gallery-thumbnail-box \n\t\t\t\t\t\t\t\t\t\t\t\" \n\t\t\t>\n\t\t\t\t\t\t<div class=\"ngg-gallery-thumbnail\">\n\t\t\t<a href=\"https:\/\/www.pavelsuba.cz\/wp-content\/gallery\/ukrainian-romany-refugees\/GI3A1173.JPG\"\n\t\t\t\ttitle=\"\"\n\t\t\t\tdata-src=\"https:\/\/www.pavelsuba.cz\/wp-content\/gallery\/ukrainian-romany-refugees\/GI3A1173.JPG\"\n\t\t\t\tdata-thumbnail=\"https:\/\/www.pavelsuba.cz\/wp-content\/gallery\/ukrainian-romany-refugees\/thumbs\/thumbs_GI3A1173.JPG\"\n\t\t\t\tdata-image-id=\"406\"\n\t\t\t\tdata-title=\"GI3A1173\"\n\t\t\t\tdata-description=\"\"\n\t\t\t\tdata-image-slug=\"gi3a1173\"\n\t\t\t\tclass=\"ngg-simplelightbox\" rel=\"3d941c6dd78e66f195de022439cbf0c3\">\n\t\t\t\t<img\n\t\t\t\t\ttitle=\"GI3A1173\"\n\t\t\t\t\talt=\"GI3A1173\"\n\t\t\t\t\tsrc=\"https:\/\/www.pavelsuba.cz\/wp-content\/gallery\/ukrainian-romany-refugees\/thumbs\/thumbs_GI3A1173.JPG\"\n\t\t\t\t\twidth=\"240\"\n\t\t\t\t\theight=\"160\"\n\t\t\t\t\tstyle=\"max-width:100%;\"\n\t\t\t\t\/>\n\t\t\t<\/a>\n\t\t<\/div>\n\t\t\t\t\t\t\t<\/div> \n\t\t\t\n\t\t\t\t<div id=\"ngg-image-18\" class=\"ngg-gallery-thumbnail-box \n\t\t\t\t\t\t\t\t\t\t\t\" \n\t\t\t>\n\t\t\t\t\t\t<div class=\"ngg-gallery-thumbnail\">\n\t\t\t<a href=\"https:\/\/www.pavelsuba.cz\/wp-content\/gallery\/ukrainian-romany-refugees\/GI3A1187.JPG\"\n\t\t\t\ttitle=\"\"\n\t\t\t\tdata-src=\"https:\/\/www.pavelsuba.cz\/wp-content\/gallery\/ukrainian-romany-refugees\/GI3A1187.JPG\"\n\t\t\t\tdata-thumbnail=\"https:\/\/www.pavelsuba.cz\/wp-content\/gallery\/ukrainian-romany-refugees\/thumbs\/thumbs_GI3A1187.JPG\"\n\t\t\t\tdata-image-id=\"407\"\n\t\t\t\tdata-title=\"GI3A1187\"\n\t\t\t\tdata-description=\"\"\n\t\t\t\tdata-image-slug=\"gi3a1187\"\n\t\t\t\tclass=\"ngg-simplelightbox\" rel=\"3d941c6dd78e66f195de022439cbf0c3\">\n\t\t\t\t<img\n\t\t\t\t\ttitle=\"GI3A1187\"\n\t\t\t\t\talt=\"GI3A1187\"\n\t\t\t\t\tsrc=\"https:\/\/www.pavelsuba.cz\/wp-content\/gallery\/ukrainian-romany-refugees\/thumbs\/thumbs_GI3A1187.JPG\"\n\t\t\t\t\twidth=\"240\"\n\t\t\t\t\theight=\"160\"\n\t\t\t\t\tstyle=\"max-width:100%;\"\n\t\t\t\t\/>\n\t\t\t<\/a>\n\t\t<\/div>\n\t\t\t\t\t\t\t<\/div> \n\t\t\t\n\t\t\t\t<div id=\"ngg-image-19\" class=\"ngg-gallery-thumbnail-box \n\t\t\t\t\t\t\t\t\t\t\t\" \n\t\t\t>\n\t\t\t\t\t\t<div class=\"ngg-gallery-thumbnail\">\n\t\t\t<a href=\"https:\/\/www.pavelsuba.cz\/wp-content\/gallery\/ukrainian-romany-refugees\/GI3A1197.JPG\"\n\t\t\t\ttitle=\"\"\n\t\t\t\tdata-src=\"https:\/\/www.pavelsuba.cz\/wp-content\/gallery\/ukrainian-romany-refugees\/GI3A1197.JPG\"\n\t\t\t\tdata-thumbnail=\"https:\/\/www.pavelsuba.cz\/wp-content\/gallery\/ukrainian-romany-refugees\/thumbs\/thumbs_GI3A1197.JPG\"\n\t\t\t\tdata-image-id=\"408\"\n\t\t\t\tdata-title=\"GI3A1197\"\n\t\t\t\tdata-description=\"\"\n\t\t\t\tdata-image-slug=\"gi3a1197\"\n\t\t\t\tclass=\"ngg-simplelightbox\" rel=\"3d941c6dd78e66f195de022439cbf0c3\">\n\t\t\t\t<img\n\t\t\t\t\ttitle=\"GI3A1197\"\n\t\t\t\t\talt=\"GI3A1197\"\n\t\t\t\t\tsrc=\"https:\/\/www.pavelsuba.cz\/wp-content\/gallery\/ukrainian-romany-refugees\/thumbs\/thumbs_GI3A1197.JPG\"\n\t\t\t\t\twidth=\"240\"\n\t\t\t\t\theight=\"160\"\n\t\t\t\t\tstyle=\"max-width:100%;\"\n\t\t\t\t\/>\n\t\t\t<\/a>\n\t\t<\/div>\n\t\t\t\t\t\t\t<\/div> \n\t\t\t\n\t\t\t\t<div id=\"ngg-image-20\" class=\"ngg-gallery-thumbnail-box \n\t\t\t\t\t\t\t\t\t\t\t\" \n\t\t\t>\n\t\t\t\t\t\t<div class=\"ngg-gallery-thumbnail\">\n\t\t\t<a href=\"https:\/\/www.pavelsuba.cz\/wp-content\/gallery\/ukrainian-romany-refugees\/GI3A1200.JPG\"\n\t\t\t\ttitle=\"\"\n\t\t\t\tdata-src=\"https:\/\/www.pavelsuba.cz\/wp-content\/gallery\/ukrainian-romany-refugees\/GI3A1200.JPG\"\n\t\t\t\tdata-thumbnail=\"https:\/\/www.pavelsuba.cz\/wp-content\/gallery\/ukrainian-romany-refugees\/thumbs\/thumbs_GI3A1200.JPG\"\n\t\t\t\tdata-image-id=\"409\"\n\t\t\t\tdata-title=\"GI3A1200\"\n\t\t\t\tdata-description=\"\"\n\t\t\t\tdata-image-slug=\"gi3a1200\"\n\t\t\t\tclass=\"ngg-simplelightbox\" rel=\"3d941c6dd78e66f195de022439cbf0c3\">\n\t\t\t\t<img\n\t\t\t\t\ttitle=\"GI3A1200\"\n\t\t\t\t\talt=\"GI3A1200\"\n\t\t\t\t\tsrc=\"https:\/\/www.pavelsuba.cz\/wp-content\/gallery\/ukrainian-romany-refugees\/thumbs\/thumbs_GI3A1200.JPG\"\n\t\t\t\t\twidth=\"240\"\n\t\t\t\t\theight=\"160\"\n\t\t\t\t\tstyle=\"max-width:100%;\"\n\t\t\t\t\/>\n\t\t\t<\/a>\n\t\t<\/div>\n\t\t\t\t\t\t\t<\/div> \n\t\t\t\n\t\t\t\t<div id=\"ngg-image-21\" class=\"ngg-gallery-thumbnail-box \n\t\t\t\t\t\t\t\t\t\t\t\" \n\t\t\t>\n\t\t\t\t\t\t<div class=\"ngg-gallery-thumbnail\">\n\t\t\t<a href=\"https:\/\/www.pavelsuba.cz\/wp-content\/gallery\/ukrainian-romany-refugees\/GI3A1201.JPG\"\n\t\t\t\ttitle=\"\"\n\t\t\t\tdata-src=\"https:\/\/www.pavelsuba.cz\/wp-content\/gallery\/ukrainian-romany-refugees\/GI3A1201.JPG\"\n\t\t\t\tdata-thumbnail=\"https:\/\/www.pavelsuba.cz\/wp-content\/gallery\/ukrainian-romany-refugees\/thumbs\/thumbs_GI3A1201.JPG\"\n\t\t\t\tdata-image-id=\"410\"\n\t\t\t\tdata-title=\"GI3A1201\"\n\t\t\t\tdata-description=\"\"\n\t\t\t\tdata-image-slug=\"gi3a1201\"\n\t\t\t\tclass=\"ngg-simplelightbox\" rel=\"3d941c6dd78e66f195de022439cbf0c3\">\n\t\t\t\t<img\n\t\t\t\t\ttitle=\"GI3A1201\"\n\t\t\t\t\talt=\"GI3A1201\"\n\t\t\t\t\tsrc=\"https:\/\/www.pavelsuba.cz\/wp-content\/gallery\/ukrainian-romany-refugees\/thumbs\/thumbs_GI3A1201.JPG\"\n\t\t\t\t\twidth=\"240\"\n\t\t\t\t\theight=\"160\"\n\t\t\t\t\tstyle=\"max-width:100%;\"\n\t\t\t\t\/>\n\t\t\t<\/a>\n\t\t<\/div>\n\t\t\t\t\t\t\t<\/div> \n\t\t\t\n\t\t\t\t<div id=\"ngg-image-22\" class=\"ngg-gallery-thumbnail-box \n\t\t\t\t\t\t\t\t\t\t\t\" \n\t\t\t>\n\t\t\t\t\t\t<div class=\"ngg-gallery-thumbnail\">\n\t\t\t<a href=\"https:\/\/www.pavelsuba.cz\/wp-content\/gallery\/ukrainian-romany-refugees\/GI3A1221.JPG\"\n\t\t\t\ttitle=\"\"\n\t\t\t\tdata-src=\"https:\/\/www.pavelsuba.cz\/wp-content\/gallery\/ukrainian-romany-refugees\/GI3A1221.JPG\"\n\t\t\t\tdata-thumbnail=\"https:\/\/www.pavelsuba.cz\/wp-content\/gallery\/ukrainian-romany-refugees\/thumbs\/thumbs_GI3A1221.JPG\"\n\t\t\t\tdata-image-id=\"411\"\n\t\t\t\tdata-title=\"GI3A1221\"\n\t\t\t\tdata-description=\"\"\n\t\t\t\tdata-image-slug=\"gi3a1221\"\n\t\t\t\tclass=\"ngg-simplelightbox\" rel=\"3d941c6dd78e66f195de022439cbf0c3\">\n\t\t\t\t<img\n\t\t\t\t\ttitle=\"GI3A1221\"\n\t\t\t\t\talt=\"GI3A1221\"\n\t\t\t\t\tsrc=\"https:\/\/www.pavelsuba.cz\/wp-content\/gallery\/ukrainian-romany-refugees\/thumbs\/thumbs_GI3A1221.JPG\"\n\t\t\t\t\twidth=\"240\"\n\t\t\t\t\theight=\"160\"\n\t\t\t\t\tstyle=\"max-width:100%;\"\n\t\t\t\t\/>\n\t\t\t<\/a>\n\t\t<\/div>\n\t\t\t\t\t\t\t<\/div> \n\t\t\t\n\t\t\t\t<div id=\"ngg-image-23\" class=\"ngg-gallery-thumbnail-box \n\t\t\t\t\t\t\t\t\t\t\t\" \n\t\t\t>\n\t\t\t\t\t\t<div class=\"ngg-gallery-thumbnail\">\n\t\t\t<a href=\"https:\/\/www.pavelsuba.cz\/wp-content\/gallery\/ukrainian-romany-refugees\/GI3A1240.JPG\"\n\t\t\t\ttitle=\"\"\n\t\t\t\tdata-src=\"https:\/\/www.pavelsuba.cz\/wp-content\/gallery\/ukrainian-romany-refugees\/GI3A1240.JPG\"\n\t\t\t\tdata-thumbnail=\"https:\/\/www.pavelsuba.cz\/wp-content\/gallery\/ukrainian-romany-refugees\/thumbs\/thumbs_GI3A1240.JPG\"\n\t\t\t\tdata-image-id=\"412\"\n\t\t\t\tdata-title=\"GI3A1240\"\n\t\t\t\tdata-description=\"\"\n\t\t\t\tdata-image-slug=\"gi3a1240\"\n\t\t\t\tclass=\"ngg-simplelightbox\" rel=\"3d941c6dd78e66f195de022439cbf0c3\">\n\t\t\t\t<img\n\t\t\t\t\ttitle=\"GI3A1240\"\n\t\t\t\t\talt=\"GI3A1240\"\n\t\t\t\t\tsrc=\"https:\/\/www.pavelsuba.cz\/wp-content\/gallery\/ukrainian-romany-refugees\/thumbs\/thumbs_GI3A1240.JPG\"\n\t\t\t\t\twidth=\"240\"\n\t\t\t\t\theight=\"160\"\n\t\t\t\t\tstyle=\"max-width:100%;\"\n\t\t\t\t\/>\n\t\t\t<\/a>\n\t\t<\/div>\n\t\t\t\t\t\t\t<\/div> \n\t\t\t\n\t\n\t<br style=\"clear: both\" \/>\n\n\t\n\t\t<!-- Pagination -->\n\t\t<div class='ngg-navigation'><span class='current'>1<\/span>\n<a class='page-numbers' data-pageid='2' href='https:\/\/www.pavelsuba.cz\/index.php\/nggallery\/page\/2?page_id=1533'>2<\/a>\n<a class='prev' href='https:\/\/www.pavelsuba.cz\/index.php\/nggallery\/page\/2?page_id=1533' data-pageid=2>&#9658;<\/a><\/div>\t<\/div>\n\n","protected":false},"excerpt":{"rendered":"<p>V roce 2022, nedlouho po invazi Putinov\u00fdch vojsk na Ukrajinu, se n\u011bkolik vln uprchl\u00edk\u016f p\u0159esunulo do r\u016fzn\u00fdch zem\u00ed st\u0159edn\u00ed a v\u00fdchodn\u00ed Evropy, v\u010detn\u011b \u010cesk\u00e9 republiky. \u00da\u0159ady uprchl\u00edky v\u011bt\u0161inou v\u00edtaly. Jednou z v\u00fdjimek byli rom\u0161t\u00ed uprchl\u00edci, s nimi\u017e se zach\u00e1zelo velmi odli\u0161n\u011b ne\u017e s jejich prot\u011bj\u0161ky sv\u011btl\u00e9 pleti. Romov\u00e9 byli nuceni \u010dekat na pra\u017esk\u00e9m hlavn\u00edm n\u00e1dra\u017e\u00ed, &hellip; <\/p>\n<p class=\"link-more\"><a href=\"https:\/\/www.pavelsuba.cz\/?page_id=1533\" class=\"more-link\">Continue reading<span class=\"screen-reader-text\"> &#8220;Dokumenty-Ukrajin\u0161t\u00ed rom\u0161t\u00ed uprchl\u00edci&#8221;<\/span><\/a><\/p>\n","protected":false},"author":1,"featured_media":0,"parent":0,"menu_order":0,"comment_status":"closed","ping_status":"closed","template":"","meta":{"ngg_post_thumbnail":0,"footnotes":""},"_links":{"self":[{"href":"https:\/\/www.pavelsuba.cz\/index.php?rest_route=\/wp\/v2\/pages\/1533"}],"collection":[{"href":"https:\/\/www.pavelsuba.cz\/index.php?rest_route=\/wp\/v2\/pages"}],"about":[{"href":"https:\/\/www.pavelsuba.cz\/index.php?rest_route=\/wp\/v2\/types\/page"}],"author":[{"embeddable":true,"href":"https:\/\/www.pavelsuba.cz\/index.php?rest_route=\/wp\/v2\/users\/1"}],"replies":[{"embeddable":true,"href":"https:\/\/www.pavelsuba.cz\/index.php?rest_route=%2Fwp%2Fv2%2Fcomments&post=1533"}],"version-history":[{"count":6,"href":"https:\/\/www.pavelsuba.cz\/index.php?rest_route=\/wp\/v2\/pages\/1533\/revisions"}],"predecessor-version":[{"id":1915,"href":"https:\/\/www.pavelsuba.cz\/index.php?rest_route=\/wp\/v2\/pages\/1533\/revisions\/1915"}],"wp:attachment":[{"href":"https:\/\/www.pavelsuba.cz\/index.php?rest_route=%2Fwp%2Fv2%2Fmedia&parent=1533"}],"curies":[{"name":"wp","href":"https:\/\/api.w.org\/{rel}","templated":true}]}}